{"id":4553,"date":"2023-10-25T11:20:57","date_gmt":"2023-10-25T09:20:57","guid":{"rendered":"https:\/\/2023.bto.travel\/?post_type=speakers&#038;p=4553"},"modified":"2023-10-25T11:21:02","modified_gmt":"2023-10-25T09:21:02","slug":"mara-vanesa-stotti","status":"publish","type":"speakers","link":"https:\/\/2023.bto.travel\/en\/speaker\/mara-vanesa-stotti\/","title":{"rendered":"Mara Vanesa Stotti"},"content":{"rendered":"<p>Arquitecta.<\/p>\n<p>Con 15 a\u00f1os de experiencia en el Sector tur\u00edstico y m\u00e1s de 8 a\u00f1os en el desarrollo y fortalecimiento de capacidades de los protagonistas del sector tur\u00edsticos y actividades conexas, con \u00e9nfasis en sostenibilidad y calidad.<\/p>\n","protected":false},"author":4,"featured_media":4554,"template":"","class_list":["post-4553","speakers","type-speakers","status-publish","has-post-thumbnail","hentry"],"acf":{"azienda":"Instituto Nicarag\u00fcense de Turismo","email":"mstotti@intur.gob.ni","ruolo":"Responsable Direcci\u00f3n de Desarrollo Tur\u00edstico","bidir_speaker_event":[5336],"social_linkedin":"","ordinamento":"Stotti","modalita_partecipazione":"In presenza"},"yoast_head":"<!-- This site is optimized with the Yoast SEO plugin v23.0 - https:\/\/yoast.com\/wordpress\/plugins\/seo\/ -->\n<title>Mara Vanesa Stotti - BTO2023 | Be Travel Onlife<\/title>\n<meta name=\"robots\" content=\"index, follow, max-snippet:-1, max-image-preview:large, max-video-preview:-1\" \/>\n<link rel=\"canonical\" href=\"https:\/\/2023.bto.travel\/en\/speaker\/mara-vanesa-stotti\/\" \/>\n<meta property=\"og:locale\" content=\"en_US\" \/>\n<meta property=\"og:type\" content=\"article\" \/>\n<meta property=\"og:title\" content=\"Mara Vanesa Stotti - BTO2023 | Be Travel Onlife\" \/>\n<meta property=\"og:description\" content=\"Arquitecta. Con 15 a\u00f1os de experiencia en el Sector tur\u00edstico y m\u00e1s de 8 a\u00f1os en el desarrollo y fortalecimiento de capacidades de los protagonistas del sector tur\u00edsticos y actividades conexas, con \u00e9nfasis en sostenibilidad y calidad.\" \/>\n<meta property=\"og:url\" content=\"https:\/\/2023.bto.travel\/en\/speaker\/mara-vanesa-stotti\/\" \/>\n<meta property=\"og:site_name\" content=\"BTO2023 | Be Travel Onlife\" \/>\n<meta property=\"article:publisher\" content=\"https:\/\/www.facebook.com\/BTO.Official\/\" \/>\n<meta property=\"article:modified_time\" content=\"2023-10-25T09:21:02+00:00\" \/>\n<meta property=\"og:image\" content=\"https:\/\/2023.bto.travel\/wp-content\/uploads\/2023\/10\/1698164247506-1.jpg\" \/>\n\t<meta property=\"og:image:width\" content=\"600\" \/>\n\t<meta property=\"og:image:height\" content=\"600\" \/>\n\t<meta property=\"og:image:type\" content=\"image\/jpeg\" \/>\n<meta name=\"twitter:card\" content=\"summary_large_image\" \/>\n<meta name=\"twitter:site\" content=\"@BTO_travel\" \/>\n<meta name=\"twitter:label1\" content=\"Est. reading time\" \/>\n\t<meta name=\"twitter:data1\" content=\"1 minute\" \/>\n<script type=\"application\/ld+json\" class=\"yoast-schema-graph\">{\"@context\":\"https:\/\/schema.org\",\"@graph\":[{\"@type\":\"WebPage\",\"@id\":\"https:\/\/2023.bto.travel\/en\/speaker\/mara-vanesa-stotti\/\",\"url\":\"https:\/\/2023.bto.travel\/en\/speaker\/mara-vanesa-stotti\/\",\"name\":\"Mara Vanesa Stotti - BTO2023 | Be Travel Onlife\",\"isPartOf\":{\"@id\":\"https:\/\/2023.bto.travel\/#website\"},\"primaryImageOfPage\":{\"@id\":\"https:\/\/2023.bto.travel\/en\/speaker\/mara-vanesa-stotti\/#primaryimage\"},\"image\":{\"@id\":\"https:\/\/2023.bto.travel\/en\/speaker\/mara-vanesa-stotti\/#primaryimage\"},\"thumbnailUrl\":\"https:\/\/2023.bto.travel\/wp-content\/uploads\/2023\/10\/1698164247506-1.jpg\",\"datePublished\":\"2023-10-25T09:20:57+00:00\",\"dateModified\":\"2023-10-25T09:21:02+00:00\",\"breadcrumb\":{\"@id\":\"https:\/\/2023.bto.travel\/en\/speaker\/mara-vanesa-stotti\/#breadcrumb\"},\"inLanguage\":\"en-US\",\"potentialAction\":[{\"@type\":\"ReadAction\",\"target\":[\"https:\/\/2023.bto.travel\/en\/speaker\/mara-vanesa-stotti\/\"]}]},{\"@type\":\"ImageObject\",\"inLanguage\":\"en-US\",\"@id\":\"https:\/\/2023.bto.travel\/en\/speaker\/mara-vanesa-stotti\/#primaryimage\",\"url\":\"https:\/\/2023.bto.travel\/wp-content\/uploads\/2023\/10\/1698164247506-1.jpg\",\"contentUrl\":\"https:\/\/2023.bto.travel\/wp-content\/uploads\/2023\/10\/1698164247506-1.jpg\",\"width\":600,\"height\":600},{\"@type\":\"BreadcrumbList\",\"@id\":\"https:\/\/2023.bto.travel\/en\/speaker\/mara-vanesa-stotti\/#breadcrumb\",\"itemListElement\":[{\"@type\":\"ListItem\",\"position\":1,\"name\":\"Home\",\"item\":\"https:\/\/2023.bto.travel\/en\/\"},{\"@type\":\"ListItem\",\"position\":2,\"name\":\"Speaker\",\"item\":\"https:\/\/2023.bto.travel\/speaker\/\"},{\"@type\":\"ListItem\",\"position\":3,\"name\":\"Mara Vanesa Stotti\"}]},{\"@type\":\"WebSite\",\"@id\":\"https:\/\/2023.bto.travel\/#website\",\"url\":\"https:\/\/2023.bto.travel\/\",\"name\":\"BTO2023 | Be Travel Onlife\",\"description\":\"BTO 2024: 27-28 november 2024 \u2022 Stazione Leopolda, Florence\",\"publisher\":{\"@id\":\"https:\/\/2023.bto.travel\/#organization\"},\"potentialAction\":[{\"@type\":\"SearchAction\",\"target\":{\"@type\":\"EntryPoint\",\"urlTemplate\":\"https:\/\/2023.bto.travel\/?s={search_term_string}\"},\"query-input\":\"required name=search_term_string\"}],\"inLanguage\":\"en-US\"},{\"@type\":\"Organization\",\"@id\":\"https:\/\/2023.bto.travel\/#organization\",\"name\":\"BTO2023 | Be Travel Onlife\",\"url\":\"https:\/\/2023.bto.travel\/\",\"logo\":{\"@type\":\"ImageObject\",\"inLanguage\":\"en-US\",\"@id\":\"https:\/\/2023.bto.travel\/#\/schema\/logo\/image\/\",\"url\":\"https:\/\/2023.bto.travel\/wp-content\/uploads\/2022\/09\/Logo-Bto-2022.png\",\"contentUrl\":\"https:\/\/2023.bto.travel\/wp-content\/uploads\/2022\/09\/Logo-Bto-2022.png\",\"width\":109,\"height\":41,\"caption\":\"BTO2023 | Be Travel Onlife\"},\"image\":{\"@id\":\"https:\/\/2023.bto.travel\/#\/schema\/logo\/image\/\"},\"sameAs\":[\"https:\/\/www.facebook.com\/BTO.Official\/\",\"https:\/\/x.com\/BTO_travel\",\"https:\/\/www.instagram.com\/bto_betravelonlife\/\",\"https:\/\/www.youtube.com\/c\/BTOOfficialVideo\",\"https:\/\/www.linkedin.com\/company\/bto-be-travel-onlife\/mycompany\/\"]}]}<\/script>\n<!-- \/ Yoast SEO plugin. -->","yoast_head_json":{"title":"Mara Vanesa Stotti - BTO2023 | Be Travel Onlife","robots":{"index":"index","follow":"follow","max-snippet":"max-snippet:-1","max-image-preview":"max-image-preview:large","max-video-preview":"max-video-preview:-1"},"canonical":"https:\/\/2023.bto.travel\/en\/speaker\/mara-vanesa-stotti\/","og_locale":"en_US","og_type":"article","og_title":"Mara Vanesa Stotti - BTO2023 | Be Travel Onlife","og_description":"Arquitecta. Con 15 a\u00f1os de experiencia en el Sector tur\u00edstico y m\u00e1s de 8 a\u00f1os en el desarrollo y fortalecimiento de capacidades de los protagonistas del sector tur\u00edsticos y actividades conexas, con \u00e9nfasis en sostenibilidad y calidad.","og_url":"https:\/\/2023.bto.travel\/en\/speaker\/mara-vanesa-stotti\/","og_site_name":"BTO2023 | Be Travel Onlife","article_publisher":"https:\/\/www.facebook.com\/BTO.Official\/","article_modified_time":"2023-10-25T09:21:02+00:00","og_image":[{"width":600,"height":600,"url":"https:\/\/2023.bto.travel\/wp-content\/uploads\/2023\/10\/1698164247506-1.jpg","type":"image\/jpeg"}],"twitter_card":"summary_large_image","twitter_site":"@BTO_travel","twitter_misc":{"Est. reading time":"1 minute"},"schema":{"@context":"https:\/\/schema.org","@graph":[{"@type":"WebPage","@id":"https:\/\/2023.bto.travel\/en\/speaker\/mara-vanesa-stotti\/","url":"https:\/\/2023.bto.travel\/en\/speaker\/mara-vanesa-stotti\/","name":"Mara Vanesa Stotti - BTO2023 | Be Travel Onlife","isPartOf":{"@id":"https:\/\/2023.bto.travel\/#website"},"primaryImageOfPage":{"@id":"https:\/\/2023.bto.travel\/en\/speaker\/mara-vanesa-stotti\/#primaryimage"},"image":{"@id":"https:\/\/2023.bto.travel\/en\/speaker\/mara-vanesa-stotti\/#primaryimage"},"thumbnailUrl":"https:\/\/2023.bto.travel\/wp-content\/uploads\/2023\/10\/1698164247506-1.jpg","datePublished":"2023-10-25T09:20:57+00:00","dateModified":"2023-10-25T09:21:02+00:00","breadcrumb":{"@id":"https:\/\/2023.bto.travel\/en\/speaker\/mara-vanesa-stotti\/#breadcrumb"},"inLanguage":"en-US","potentialAction":[{"@type":"ReadAction","target":["https:\/\/2023.bto.travel\/en\/speaker\/mara-vanesa-stotti\/"]}]},{"@type":"ImageObject","inLanguage":"en-US","@id":"https:\/\/2023.bto.travel\/en\/speaker\/mara-vanesa-stotti\/#primaryimage","url":"https:\/\/2023.bto.travel\/wp-content\/uploads\/2023\/10\/1698164247506-1.jpg","contentUrl":"https:\/\/2023.bto.travel\/wp-content\/uploads\/2023\/10\/1698164247506-1.jpg","width":600,"height":600},{"@type":"BreadcrumbList","@id":"https:\/\/2023.bto.travel\/en\/speaker\/mara-vanesa-stotti\/#breadcrumb","itemListElement":[{"@type":"ListItem","position":1,"name":"Home","item":"https:\/\/2023.bto.travel\/en\/"},{"@type":"ListItem","position":2,"name":"Speaker","item":"https:\/\/2023.bto.travel\/speaker\/"},{"@type":"ListItem","position":3,"name":"Mara Vanesa Stotti"}]},{"@type":"WebSite","@id":"https:\/\/2023.bto.travel\/#website","url":"https:\/\/2023.bto.travel\/","name":"BTO2023 | Be Travel Onlife","description":"BTO 2024: 27-28 november 2024 \u2022 Stazione Leopolda, Florence","publisher":{"@id":"https:\/\/2023.bto.travel\/#organization"},"potentialAction":[{"@type":"SearchAction","target":{"@type":"EntryPoint","urlTemplate":"https:\/\/2023.bto.travel\/?s={search_term_string}"},"query-input":"required name=search_term_string"}],"inLanguage":"en-US"},{"@type":"Organization","@id":"https:\/\/2023.bto.travel\/#organization","name":"BTO2023 | Be Travel Onlife","url":"https:\/\/2023.bto.travel\/","logo":{"@type":"ImageObject","inLanguage":"en-US","@id":"https:\/\/2023.bto.travel\/#\/schema\/logo\/image\/","url":"https:\/\/2023.bto.travel\/wp-content\/uploads\/2022\/09\/Logo-Bto-2022.png","contentUrl":"https:\/\/2023.bto.travel\/wp-content\/uploads\/2022\/09\/Logo-Bto-2022.png","width":109,"height":41,"caption":"BTO2023 | Be Travel Onlife"},"image":{"@id":"https:\/\/2023.bto.travel\/#\/schema\/logo\/image\/"},"sameAs":["https:\/\/www.facebook.com\/BTO.Official\/","https:\/\/x.com\/BTO_travel","https:\/\/www.instagram.com\/bto_betravelonlife\/","https:\/\/www.youtube.com\/c\/BTOOfficialVideo","https:\/\/www.linkedin.com\/company\/bto-be-travel-onlife\/mycompany\/"]}]}},"wpml_current_locale":"en_US","wpml_translations":[{"locale":"it_IT","id":4566,"slug":"mara-vanesa-stotti","post_title":"Mara Vanesa Stotti","href":"https:\/\/2023.bto.travel\/mara-vanesa-stotti\/"}],"_links":{"self":[{"href":"https:\/\/2023.bto.travel\/en\/wp-json\/wp\/v2\/speakers\/4553"}],"collection":[{"href":"https:\/\/2023.bto.travel\/en\/wp-json\/wp\/v2\/speakers"}],"about":[{"href":"https:\/\/2023.bto.travel\/en\/wp-json\/wp\/v2\/types\/speakers"}],"author":[{"embeddable":true,"href":"https:\/\/2023.bto.travel\/en\/wp-json\/wp\/v2\/users\/4"}],"acf:post":[{"embeddable":true,"href":"https:\/\/2023.bto.travel\/en\/wp-json\/wp\/v2\/eventi\/5336"}],"wp:featuredmedia":[{"embeddable":true,"href":"https:\/\/2023.bto.travel\/en\/wp-json\/wp\/v2\/media\/4554"}],"wp:attachment":[{"href":"https:\/\/2023.bto.travel\/en\/wp-json\/wp\/v2\/media?parent=4553"}],"curies":[{"name":"wp","href":"https:\/\/api.w.org\/{rel}","templated":true}]}}